{"id":10983,"date":"2025-04-29T18:24:42","date_gmt":"2025-04-29T18:24:42","guid":{"rendered":"https:\/\/institutpoblenou.cat\/formacion\/comercio-y-marketing-3\/"},"modified":"2025-04-29T18:27:54","modified_gmt":"2025-04-29T18:27:54","slug":"comercio-y-marketing-3","status":"publish","type":"page","link":"https:\/\/institutpoblenou.cat\/sp\/formacion\/comercio-y-marketing-3\/","title":{"rendered":"Comercio y Marketing"},"content":{"rendered":"<section class=\"l-section wpb_row height_medium with_img\" id=\"hd-md\"><div class=\"l-section-img\" style=\"background-image: url(https:\/\/institutpoblenou.cat\/wp-content\/uploads\/2020\/03\/comercio-marketing-header.jpg);\" data-img-width=\"1450\" data-img-height=\"748\"><\/div><div class=\"l-section-h i-cf\"><div class=\"g-cols vc_row type_default valign_top\"><div class=\"vc_col-sm-12 wpb_column vc_column_container\"><div class=\"vc_column-inner\"><div class=\"wpb_wrapper\"><div class=\"wpb_text_column sub-ttl\"><div class=\"wpb_wrapper\"><h3>\u00c1rea de estudio<\/h3>\n<\/div><\/div><div class=\"wpb_text_column ttl\"><div class=\"wpb_wrapper\"><h1>Comercio y Marketing<\/h1>\n<\/div><\/div><p class=\"w-text align_left\"><a class=\"w-text-h\" href=\"#prllx-md\"><i class=\"fas fa-caret-down\"><\/i><span class=\"w-text-value\">Impulsa tu futuro en tan solo un clic<\/span><\/a><\/p><\/div><\/div><\/div><\/div><\/div><\/section><section class=\"l-section wpb_row height_medium\" id=\"after-hd\"><div class=\"l-section-h i-cf\"><div class=\"g-cols vc_row type_default valign_top\"><div class=\"vc_col-sm-3 wpb_column vc_column_container has-link\"><div class=\"vc_column-inner\"><div class=\"wpb_wrapper\"><div class=\"w-iconbox iconpos_top style_default color_primary align_center no_text icontype_img\"><div class=\"w-iconbox-icon\" style=\"font-size:77px;\"><img loading=\"lazy\" decoding=\"async\" width=\"83\" height=\"77\" src=\"https:\/\/institutpoblenou.cat\/wp-content\/uploads\/2020\/01\/administracion-y-gestion.png\" class=\"attachment-full size-full\" alt=\"\" \/><\/div><div class=\"w-iconbox-meta\"><h4 class=\"w-iconbox-title\" style=\"font-size:23px;\">Administraci\u00f3n y Gesti\u00f3n<\/h4><\/div><\/div><\/div><a class=\"vc_column-link smooth-scroll\" href=\"https:\/\/institutpoblenou.cat\/sp\/formacion\/administracion-y-gestion\/\" title=\"Administraci\u00f3n y Gesti\u00f3n\"><\/a><\/div><\/div><div class=\"vc_col-sm-3 wpb_column vc_column_container active\"><div class=\"vc_column-inner\"><div class=\"wpb_wrapper\"><div class=\"w-iconbox iconpos_top style_default color_primary align_center no_text icontype_img\"><div class=\"w-iconbox-icon\"><img loading=\"lazy\" decoding=\"async\" width=\"73\" height=\"68\" src=\"https:\/\/institutpoblenou.cat\/wp-content\/uploads\/2020\/02\/comercio-y-marqueting-activo.png\" class=\"attachment-full size-full\" alt=\"\" \/><\/div><div class=\"w-iconbox-meta\"><h4 class=\"w-iconbox-title\" style=\"font-size:23px;\">Comercio y Marketing<\/h4><\/div><\/div><\/div><\/div><\/div><div class=\"vc_col-sm-3 wpb_column vc_column_container has-link\"><div class=\"vc_column-inner\"><div class=\"wpb_wrapper\"><div class=\"w-iconbox iconpos_top style_default color_primary align_center no_text icontype_img\"><div class=\"w-iconbox-icon\"><img loading=\"lazy\" decoding=\"async\" width=\"84\" height=\"69\" src=\"https:\/\/institutpoblenou.cat\/wp-content\/uploads\/2020\/01\/informatica-y-comunciacion.png\" class=\"attachment-full size-full\" alt=\"\" \/><\/div><div class=\"w-iconbox-meta\"><h4 class=\"w-iconbox-title\" style=\"font-size:23px;\">Inform\u00e1tica y Comunicaciones<\/h4><\/div><\/div><\/div><a class=\"vc_column-link smooth-scroll\" href=\"https:\/\/institutpoblenou.cat\/sp\/formacion\/informatica-y-comunicaciones\/\" title=\"Inform\u00e1tica y Comunicaciones\"><\/a><\/div><\/div><div class=\"vc_col-sm-3 wpb_column vc_column_container has-link\"><div class=\"vc_column-inner\"><div class=\"wpb_wrapper\"><div class=\"w-iconbox iconpos_top style_default color_primary align_center no_text icontype_img\"><div class=\"w-iconbox-icon\"><img loading=\"lazy\" decoding=\"async\" width=\"66\" height=\"70\" src=\"https:\/\/institutpoblenou.cat\/wp-content\/uploads\/2020\/01\/Formacion-en-PFI.png\" class=\"attachment-full size-full\" alt=\"\" \/><\/div><div class=\"w-iconbox-meta\"><h4 class=\"w-iconbox-title\" style=\"font-size:23px;\">P. de Formaci\u00f3n e Inserci\u00f3n (PFI)<\/h4><\/div><\/div><\/div><a class=\"vc_column-link smooth-scroll\" href=\"https:\/\/institutpoblenou.cat\/sp\/formacion\/pfi\/\" title=\"PFI\"><\/a><\/div><\/div><\/div><\/div><\/section><section class=\"l-section wpb_row height_medium form-md\"><div class=\"l-section-h i-cf\"><div class=\"g-cols vc_row type_default valign_top\"><div class=\"vc_col-sm-12 wpb_column vc_column_container\"><div class=\"vc_column-inner\"><div class=\"wpb_wrapper\"><div class=\"wpb_text_column txt\"><div class=\"wpb_wrapper\"><p style=\"text-align: center;\">\u00bfTienes alg\u00fan duda o quieres m\u00e1s informaci\u00f3n? Dejanos tus datos y te contactaremos en breve<\/p>\n<\/div><\/div><\/div><\/div><\/div><\/div><\/div><\/section><section class=\"l-section wpb_row height_medium\" id=\"cursos-md\"><div class=\"l-section-h i-cf\"><div class=\"g-cols vc_row type_default valign_top\"><div class=\"vc_col-sm-12 wpb_column vc_column_container\"><div class=\"vc_column-inner\"><div class=\"wpb_wrapper\"><div class=\"wpb_text_column sub-ttl\"><div class=\"wpb_wrapper\"><h3 style=\"text-align: center;\">Ciclos de formaci\u00f3n profesional en Comercio y Marketing<\/h3>\n<\/div><\/div><div class=\"wpb_text_column txt\"><div class=\"wpb_wrapper\"><p style=\"text-align: center;\">Los Ciclos Formativos de Grado Medio y Grado Superior en Comercio y Marketing capacitan a los futuros profesionales para llevar a cabo todas las tareas relacionadas con la promoci\u00f3n y venta en empresas del \u00e1mbito p\u00fablico y privado.<\/p>\n<\/div><\/div><div class=\"g-cols wpb_row  us_custom_f131eb18 type_default valign_top vc_inner curso-stn\"><div class=\"vc_col-sm-6 wpb_column vc_column_container\"><div class=\"vc_column-inner\"><div class=\"wpb_wrapper\"><div class=\"wpb_text_column sub-ttl\"><div class=\"wpb_wrapper\"><h3 style=\"text-align: left;\"><a href=\"https:\/\/institutpoblenou.cat\/sp\/cursos\/gm-actividades-comerciales\/\">GM Actividades Comerciales<\/a><\/h3>\n<\/div><\/div><div class=\"wpb_text_column intro\"><div class=\"wpb_wrapper\"><h4 style=\"text-align: left;\">Formaci\u00f3n FP Dual<\/h4>\n<\/div><\/div><div class=\"wpb_text_column txt\"><div class=\"wpb_wrapper\"><p style=\"text-align: left;\">Este Ciclo Formativo de Grado Medio capacita a los alumnos\/as para llevar a cabo la distrubuci\u00f3n y comercializaci\u00f3n de bienes y servicios en todo tipo de empresas y comercios.<\/p>\n<p>Las personas tituladas ser\u00e1n capaces no solo de gestionar un peque\u00f1o negocio, sino de asegurar que se aplican las normas de calidad y seguridad competentes en los diferentes procesos, adem\u00e1s de estar capacitados para la venta, log\u00edstica operacional y atenci\u00f3n comercial.<\/p>\n<\/div><\/div><div class=\"w-btn-wrapper width_auto align_left\"><a class=\"w-btn us-btn-style_1\" href=\"https:\/\/institutpoblenou.cat\/es\/cursos\/gm-actividades-comerciales\/\" title=\"GM Activitats Comercials\"><span class=\"w-btn-label\">Pide informaci\u00f3n y hablemos<\/span><\/a><\/div><\/div><\/div><\/div><div class=\"vc_col-sm-6 wpb_column vc_column_container\"><div class=\"vc_column-inner\"><div class=\"wpb_wrapper\"><div class=\"w-image align_none\"><a class=\"w-image-h\" href=\"https:\/\/institutpoblenou.cat\/es\/cursos\/gm-actividades-comerciales\/\" title=\"GM Activitats Comercials\"><img loading=\"lazy\" decoding=\"async\" width=\"589\" height=\"464\" src=\"https:\/\/institutpoblenou.cat\/wp-content\/uploads\/2020\/03\/gm-actividades-comerciales-thumb.jpg\" class=\"attachment-full size-full\" alt=\"\" srcset=\"https:\/\/institutpoblenou.cat\/wp-content\/uploads\/2020\/03\/gm-actividades-comerciales-thumb.jpg 589w, https:\/\/institutpoblenou.cat\/wp-content\/uploads\/2020\/03\/gm-actividades-comerciales-thumb-300x236.jpg 300w\" sizes=\"auto, (max-width: 589px) 100vw, 589px\" \/><\/a><\/div><\/div><\/div><\/div><\/div><div class=\"g-cols wpb_row  us_custom_0bd7e7a8 type_default valign_top vc_inner curso-stn\"><div class=\"vc_col-sm-6 wpb_column vc_column_container\"><div class=\"vc_column-inner\"><div class=\"wpb_wrapper\"><div class=\"wpb_text_column sub-ttl\"><div class=\"wpb_wrapper\"><h3 style=\"text-align: left;\"><a href=\"https:\/\/institutpoblenou.cat\/es\/cursos\/gs-comercio-internacional\/\">GS Comercio Internacional<\/a><\/h3>\n<\/div><\/div><div class=\"wpb_text_column intro\"><div class=\"wpb_wrapper\"><h4 style=\"text-align: left;\">Formaci\u00f3n FP Dual<\/h4>\n<\/div><\/div><div class=\"wpb_text_column txt\"><div class=\"wpb_wrapper\"><p>Este Ciclo Formativo de Grado Superior capacita planificar y gestionar los procesos de importaci\u00f3n-exportaci\u00f3n de mercanc\u00edas. Tambi\u00e9n se encarga de las pol\u00edticas de producto, precio, marketing y comunicaci\u00f3n en el mercado exterior.<\/p>\n<p>Adem\u00e1s, las personas tituladas en Comercio Internacional podr\u00e1n acceder a grados universitarios y a otros ciclos de grado superior en los que es posible la convalidaci\u00f3n de m\u00f3dulos y cr\u00e9ditos.<\/p>\n<\/div><\/div><div class=\"w-btn-wrapper width_auto align_left\"><a class=\"w-btn us-btn-style_1\" href=\"https:\/\/institutpoblenou.cat\/es\/cursos\/gs-comercio-internacional\/\" title=\"GS Comercio Internacional\"><span class=\"w-btn-label\">Pide informaci\u00f3n y hablemos<\/span><\/a><\/div><\/div><\/div><\/div><div class=\"vc_col-sm-6 wpb_column vc_column_container\"><div class=\"vc_column-inner\"><div class=\"wpb_wrapper\"><div class=\"w-image align_none\"><a class=\"w-image-h\" href=\"https:\/\/institutpoblenou.cat\/es\/cursos\/gs-comercio-internacional\/\" title=\"GS Comercio Internacional\"><img loading=\"lazy\" decoding=\"async\" width=\"1512\" height=\"2016\" src=\"https:\/\/institutpoblenou.cat\/wp-content\/uploads\/2024\/01\/lukas.jpg\" class=\"attachment-full size-full\" alt=\"\" srcset=\"https:\/\/institutpoblenou.cat\/wp-content\/uploads\/2024\/01\/lukas.jpg 1512w, https:\/\/institutpoblenou.cat\/wp-content\/uploads\/2024\/01\/lukas-225x300.jpg 225w, https:\/\/institutpoblenou.cat\/wp-content\/uploads\/2024\/01\/lukas-768x1024.jpg 768w, https:\/\/institutpoblenou.cat\/wp-content\/uploads\/2024\/01\/lukas-1152x1536.jpg 1152w\" sizes=\"auto, (max-width: 1512px) 100vw, 1512px\" \/><\/a><\/div><\/div><\/div><\/div><\/div><div class=\"g-cols wpb_row  us_custom_0bd7e7a8 type_default valign_top vc_inner curso-stn\"><div class=\"vc_col-sm-6 wpb_column vc_column_container\"><div class=\"vc_column-inner\"><div class=\"wpb_wrapper\"><div class=\"w-image align_none\"><a class=\"w-image-h\" href=\"https:\/\/institutpoblenou.cat\/es\/cursos\/gs-gestion-de-ventas-y-espacios-comerciales-gviec\/\" title=\"GS Gesti\u00f3n de Ventas y Espacios Comerciales (GVIEC)\"><img loading=\"lazy\" decoding=\"async\" width=\"1512\" height=\"2016\" src=\"https:\/\/institutpoblenou.cat\/wp-content\/uploads\/2024\/01\/pic.jpg\" class=\"attachment-full size-full\" alt=\"\" srcset=\"https:\/\/institutpoblenou.cat\/wp-content\/uploads\/2024\/01\/pic.jpg 1512w, https:\/\/institutpoblenou.cat\/wp-content\/uploads\/2024\/01\/pic-225x300.jpg 225w, https:\/\/institutpoblenou.cat\/wp-content\/uploads\/2024\/01\/pic-768x1024.jpg 768w, https:\/\/institutpoblenou.cat\/wp-content\/uploads\/2024\/01\/pic-1152x1536.jpg 1152w\" sizes=\"auto, (max-width: 1512px) 100vw, 1512px\" \/><\/a><\/div><\/div><\/div><\/div><div class=\"vc_col-sm-6 wpb_column vc_column_container\"><div class=\"vc_column-inner\"><div class=\"wpb_wrapper\"><div class=\"wpb_text_column sub-ttl\"><div class=\"wpb_wrapper\"><h3 style=\"text-align: left;\"><a href=\"https:\/\/institutpoblenou.cat\/es\/cursos\/gs-gestion-de-ventas-y-espacios-comerciales-gviec\/\">GS Gesti\u00f3n de Ventas y Espacios Comerciales (GVIEC)<\/a><\/h3>\n<\/div><\/div><div class=\"wpb_text_column intro\"><div class=\"wpb_wrapper\"><h4 style=\"text-align: left;\">Formaci\u00f3n FP Dual<\/h4>\n<\/div><\/div><div class=\"wpb_text_column txt\"><div class=\"wpb_wrapper\"><p>Este Ciclo Formativo de Grado Superior prepara a los alumnos para \u00e1mbitos tan variopintos como la gesti\u00f3n de departamentos de compras, de dise\u00f1o y espacios comerciales, almacenaje y distribuci\u00f3n hasta aspectos actuales como el marketing, el comercio electr\u00f3nico o la investigaci\u00f3n comercial.<\/p>\n<p>Adem\u00e1s, las personas que superen el GVIEC podr\u00e1n acceder a grados universitarios y a otros ciclos de grado superior en los que es posible la convalidaci\u00f3n de m\u00f3dulos y cr\u00e9ditos y es posible obtener el t\u00edtulo de T\u00e9cnico Superior en Marketing Digital y Publicidad cursando un a\u00f1o m\u00e1s de formaci\u00f3n.<\/p>\n<\/div><\/div><div class=\"w-btn-wrapper width_auto align_left\"><a class=\"w-btn us-btn-style_1\" href=\"https:\/\/institutpoblenou.cat\/es\/cursos\/gs-gestion-de-ventas-y-espacios-comerciales-gviec\/\" title=\"GS Gesti\u00f3n de Ventas y Espacios Comerciales (GVIEC)\"><span class=\"w-btn-label\">Pide informaci\u00f3n y hablemos<\/span><\/a><\/div><\/div><\/div><\/div><\/div><div class=\"g-cols wpb_row  us_custom_0bd7e7a8 type_default valign_top vc_inner curso-stn\"><div class=\"vc_col-sm-6 wpb_column vc_column_container\"><div class=\"vc_column-inner\"><div class=\"wpb_wrapper\"><div class=\"wpb_text_column sub-ttl\"><div class=\"wpb_wrapper\"><h3 style=\"text-align: left;\"><a href=\"https:\/\/institutpoblenou.cat\/es\/cursos\/gs-marketing-y-publicidad\/\">GS Marketing y Publicidad<\/a><\/h3>\n<\/div><\/div><div class=\"wpb_text_column txt\"><div class=\"wpb_wrapper\"><p>Este Ciclo Formativo de Grado Superior prepara a los futuros titulados para definir las estrategias e implementar las diferentes acciones enmarcadas dentro de un plan de marketing. Entre sus habilidades, tambi\u00e9n se incluye la investigaci\u00f3n comercial y las relaciones p\u00fablicas.<\/p>\n<p>Las personas tituladas en este Grado Superior podr\u00e1n acceder a grados universitarios y a otros GS en los que es posible la convalidaci\u00f3n de m\u00f3dulos y cr\u00e9ditos. Tambi\u00e9n es posible obtener el t\u00edtulo de T\u00e9cnico Superior en Gesti\u00f3n de Ventas y Espacios Comerciales cursando un a\u00f1o m\u00e1s de formaci\u00f3n.<\/p>\n<\/div><\/div><div class=\"w-btn-wrapper width_auto align_left\"><a class=\"w-btn us-btn-style_1\" href=\"https:\/\/institutpoblenou.cat\/es\/cursos\/gs-marketing-y-publicidad\/\" title=\"GS Marketing y Publicidad\"><span class=\"w-btn-label\">Pide informaci\u00f3n y hablemos<\/span><\/a><\/div><\/div><\/div><\/div><div class=\"vc_col-sm-6 wpb_column vc_column_container\"><div class=\"vc_column-inner\"><div class=\"wpb_wrapper\"><div class=\"w-image align_none\"><a class=\"w-image-h\" href=\"https:\/\/institutpoblenou.cat\/es\/cursos\/gs-marketing-y-publicidad\/\" title=\"GS Marketing y Publicidad\"><img loading=\"lazy\" decoding=\"async\" width=\"1512\" height=\"2016\" src=\"https:\/\/institutpoblenou.cat\/wp-content\/uploads\/2024\/01\/foto1-rotated.jpg\" class=\"attachment-full size-full\" alt=\"\" srcset=\"https:\/\/institutpoblenou.cat\/wp-content\/uploads\/2024\/01\/foto1-rotated.jpg 1512w, https:\/\/institutpoblenou.cat\/wp-content\/uploads\/2024\/01\/foto1-225x300.jpg 225w, https:\/\/institutpoblenou.cat\/wp-content\/uploads\/2024\/01\/foto1-768x1024.jpg 768w, https:\/\/institutpoblenou.cat\/wp-content\/uploads\/2024\/01\/foto1-1152x1536.jpg 1152w\" sizes=\"auto, (max-width: 1512px) 100vw, 1512px\" \/><\/a><\/div><\/div><\/div><\/div><\/div><div class=\"g-cols wpb_row  us_custom_0bd7e7a8 type_default valign_top vc_inner curso-stn\"><div class=\"vc_col-sm-6 wpb_column vc_column_container\"><div class=\"vc_column-inner\"><div class=\"wpb_wrapper\"><div class=\"w-image align_none\"><a class=\"w-image-h\" href=\"https:\/\/institutpoblenou.cat\/es\/cursos\/gs-marqueting-digital\/\" title=\"GS M\u00e0rqueting Digital\"><img loading=\"lazy\" decoding=\"async\" width=\"589\" height=\"464\" src=\"https:\/\/institutpoblenou.cat\/wp-content\/uploads\/2020\/03\/GS-marketing-digital-hd.jpg\" class=\"attachment-full size-full\" alt=\"\" srcset=\"https:\/\/institutpoblenou.cat\/wp-content\/uploads\/2020\/03\/GS-marketing-digital-hd.jpg 589w, https:\/\/institutpoblenou.cat\/wp-content\/uploads\/2020\/03\/GS-marketing-digital-hd-300x236.jpg 300w\" sizes=\"auto, (max-width: 589px) 100vw, 589px\" \/><\/a><\/div><\/div><\/div><\/div><div class=\"vc_col-sm-6 wpb_column vc_column_container\"><div class=\"vc_column-inner\"><div class=\"wpb_wrapper\"><div class=\"wpb_text_column sub-ttl\"><div class=\"wpb_wrapper\"><h3 style=\"text-align: left;\"><a href=\"https:\/\/institutpoblenou.cat\/es\/cursos\/gs-marqueting-digital\/\">GS Marketing Digital<\/a><\/h3>\n<\/div><\/div><div class=\"wpb_text_column txt\"><div class=\"wpb_wrapper\"><p>Este Ciclo Formativo de Grado Superior capacita para crear e implementar las acciones definidas dentro de un plan de marketing digital. Las salidas profesionales abarcan desde perfiles generalistas hasta funciones espec\u00edficas somo Social Media, SEO, SEM o Anal\u00edtica.<\/p>\n<p>Adem\u00e1s, las personas tituladas en este Grado Superior podr\u00e1n acceder a grados universitarios y a otros GS en los que es posible la convalidaci\u00f3n de m\u00f3dulos y cr\u00e9ditos y es posible obtener el t\u00edtulo de T\u00e9cnico Superior en Gesti\u00f3n de Ventas y Espacios Comerciales cursando un a\u00f1o m\u00e1s de formaci\u00f3n.<\/p>\n<\/div><\/div><div class=\"w-btn-wrapper width_auto align_left\"><a class=\"w-btn us-btn-style_1\" href=\"https:\/\/institutpoblenou.cat\/es\/cursos\/gs-marqueting-digital\/\" title=\"GS Marketing Digital\"><span class=\"w-btn-label\">Pide informaci\u00f3n y hablemos<\/span><\/a><\/div><\/div><\/div><\/div><\/div><\/div><\/div><\/div><\/div><\/div><\/section><section class=\"l-section wpb_row height_medium\" id=\"social-share\"><div class=\"l-section-h i-cf\"><div class=\"g-cols vc_row type_default valign_top\"><div class=\"vc_col-sm-12 wpb_column vc_column_container\"><div class=\"vc_column-inner\"><div class=\"wpb_wrapper\"><div class=\"wpb_text_column\"><div class=\"wpb_wrapper\"><h4 style=\"text-align: center;\">\u00bfTe ha gustado lo que contamos?<br \/>\nComparte con tus amigos<\/h4>\n<\/div><\/div><div class=\"w-sharing type_solid align_center color_default\"><div class=\"w-sharing-list\" data-sharing-url=\"https:\/\/institutpoblenou.cat\/sp\/wp-json\/wp\/v2\/pages\/10983\" data-sharing-image=\"\"><a class=\"w-sharing-item email\" href=\"javascript:void(0)\" title=\"Email this\" aria-label=\"Email this\"><span class=\"w-sharing-icon\"><\/span><\/a><a class=\"w-sharing-item facebook\" href=\"javascript:void(0)\" title=\"Share this\" aria-label=\"Share this\"><span class=\"w-sharing-icon\"><\/span><\/a><a class=\"w-sharing-item twitter\" href=\"javascript:void(0)\" title=\"Tweet this\" aria-label=\"Tweet this\"><span class=\"w-sharing-icon\"><\/span><\/a><a class=\"w-sharing-item linkedin\" href=\"javascript:void(0)\" title=\"Share this\" aria-label=\"Share this\"><span class=\"w-sharing-icon\"><\/span><\/a><a class=\"w-sharing-item pinterest\" href=\"javascript:void(0)\" title=\"Pin this\" aria-label=\"Pin this\"><span class=\"w-sharing-icon\"><\/span><\/a><a class=\"w-sharing-item whatsapp\" href=\"javascript:void(0)\" title=\"Share this\" aria-label=\"Share this\"><span class=\"w-sharing-icon\"><\/span><\/a><a class=\"w-sharing-item reddit\" href=\"javascript:void(0)\" title=\"Share this\" aria-label=\"Share this\"><span class=\"w-sharing-icon\"><\/span><\/a><\/div><\/div><\/div><\/div><\/div><\/div><\/div><\/section><section class=\"l-section wpb_row height_medium with_img parallax_ver\" id=\"prllx-md\"><div class=\"l-section-img\" style=\"background-image: url(https:\/\/institutpoblenou.cat\/wp-content\/uploads\/2020\/03\/comercio-y-marketing-parallax.jpg);\" data-img-width=\"1450\" data-img-height=\"1371\"><\/div><div class=\"l-section-h i-cf\"><div class=\"g-cols vc_row type_default valign_top\"><div class=\"vc_col-sm-12 wpb_column vc_column_container\"><div class=\"vc_column-inner\"><div class=\"wpb_wrapper\"><div class=\"w-image align_center\"><div class=\"w-image-h\"><img loading=\"lazy\" decoding=\"async\" width=\"104\" height=\"104\" src=\"https:\/\/institutpoblenou.cat\/wp-content\/uploads\/2020\/01\/parallax-img-ecaib.png\" class=\"attachment-full size-full\" alt=\"\" \/><\/div><\/div><div class=\"wpb_text_column sub-ttl\"><div class=\"wpb_wrapper\"><h3 style=\"text-align: center;\">Impulsa tu futuro con un solo clic<\/h3>\n<\/div><\/div><div class=\"wpb_text_column txt\"><div class=\"wpb_wrapper\"><p style=\"text-align: center;\">\u00bfQuieres desarrollar tu carrera con un grado de Formaci\u00f3n Profesional o un Programa de Formaci\u00f3n e Inserci\u00f3n? Dejanos tus datos y estaremos encantados de asesorarte para que trobes la opci\u00f3n que m\u00e1s se adapta a ti.<\/p>\n<\/div><\/div><div class=\"g-cols wpb_row  type_default valign_top vc_inner form-md\"><div class=\"vc_col-sm-12 wpb_column vc_column_container\"><div class=\"vc_column-inner\"><div class=\"wpb_wrapper\"><div class=\"wpb_text_column\"><div class=\"wpb_wrapper\">\n<div class=\"wpcf7 no-js\" id=\"wpcf7-f5-o1\" lang=\"es-ES\" dir=\"ltr\" data-wpcf7-id=\"5\">\n<div class=\"screen-reader-response\"><p role=\"status\" aria-live=\"polite\" aria-atomic=\"true\"><\/p> <ul><\/ul><\/div>\n<form action=\"\/sp\/wp-json\/wp\/v2\/pages\/10983#wpcf7-f5-o1\" method=\"post\" class=\"wpcf7-form init wpcf7-acceptance-as-validation\" aria-label=\"Contact form\" novalidate=\"novalidate\" data-status=\"init\">\n<fieldset class=\"hidden-fields-container\"><input type=\"hidden\" name=\"_wpcf7\" value=\"5\" \/><input type=\"hidden\" name=\"_wpcf7_version\" value=\"6.1\" \/><input type=\"hidden\" name=\"_wpcf7_locale\" value=\"es_ES\" \/><input type=\"hidden\" name=\"_wpcf7_unit_tag\" value=\"wpcf7-f5-o1\" \/><input type=\"hidden\" name=\"_wpcf7_container_post\" value=\"0\" \/><input type=\"hidden\" name=\"_wpcf7_posted_data_hash\" value=\"\" \/><input type=\"hidden\" name=\"_wpcf7_recaptcha_response\" value=\"\" \/>\n<\/fieldset>\n<div class=\"form-prllx\">\n\t<div class=\"form-left\">\n\t\t<div class=\"half\">\n\t\t\t<p><span class=\"wpcf7-form-control-wrap\" data-name=\"your-name\"><input size=\"40\" maxlength=\"400\" class=\"wpcf7-form-control wpcf7-text wpcf7-validates-as-required\" aria-required=\"true\" aria-invalid=\"false\" placeholder=\"Nombre\" value=\"\" type=\"text\" name=\"your-name\" \/><\/span><span class=\"wpcf7-form-control-wrap\" data-name=\"your-email\"><input size=\"40\" maxlength=\"400\" class=\"wpcf7-form-control wpcf7-email wpcf7-validates-as-required wpcf7-text wpcf7-validates-as-email\" aria-required=\"true\" aria-invalid=\"false\" placeholder=\"Email\" value=\"\" type=\"email\" name=\"your-email\" \/><\/span><span class=\"wpcf7-form-control-wrap\" data-name=\"your-phone\"><input size=\"40\" maxlength=\"400\" class=\"wpcf7-form-control wpcf7-tel wpcf7-validates-as-required wpcf7-text wpcf7-validates-as-tel\" aria-required=\"true\" aria-invalid=\"false\" placeholder=\"Tel\u00e9fono\" value=\"\" type=\"tel\" name=\"your-phone\" \/><\/span><span class=\"wpcf7-form-control-wrap\" data-name=\"your-hour\"><select class=\"wpcf7-form-control wpcf7-select wpcf7-validates-as-required\" aria-required=\"true\" aria-invalid=\"false\" name=\"your-hour\"><option value=\"\">Tema de consulta<\/option><option value=\"Plazas disponibles\">Plazas disponibles<\/option><option value=\"Certificados y tr\u00e1mites\">Certificados y tr\u00e1mites<\/option><option value=\"Informaci\u00f3n ciclos\">Informaci\u00f3n ciclos<\/option><option value=\"Requisitos acceso\">Requisitos acceso<\/option><option value=\"Informaci\u00f3n PFI\">Informaci\u00f3n PFI<\/option><option value=\"Informaci\u00f3n IFE\">Informaci\u00f3n IFE<\/option><\/select><\/span><span class=\"wpcf7-form-control-wrap\" data-name=\"your-cicle\"><select class=\"wpcf7-form-control wpcf7-select wpcf7-validates-as-required\" aria-required=\"true\" aria-invalid=\"false\" name=\"your-cicle\"><option value=\"\">Ciclo formativo<\/option><option value=\"Curso Especializaci\u00f3n Comercio Electr\u00f3nico\">Curso Especializaci\u00f3n Comercio Electr\u00f3nico<\/option><option value=\"GM Gesti\u00f3n Administrativa\">GM Gesti\u00f3n Administrativa<\/option><option value=\"GM Actividades Comerciales\">GM Actividades Comerciales<\/option><option value=\"GM Sistemas Microinform\u00e1ticos y Redes i xarxes\">GM Sistemas Microinform\u00e1ticos y Redes i xarxes<\/option><option value=\"GS Administraci\u00f3n y Finanzas\">GS Administraci\u00f3n y Finanzas<\/option><option value=\"GS Seguros (Administraci\u00f3n y Finanzas)\">GS Seguros (Administraci\u00f3n y Finanzas)<\/option><option value=\"GS Comercio Internacional\">GS Comercio Internacional<\/option><option value=\"GS Gesti\u00f3n de Ventas y Espacios Comerciales\">GS Gesti\u00f3n de Ventas y Espacios Comerciales<\/option><option value=\"GS Marketing y Publicidad\">GS Marketing y Publicidad<\/option><option value=\"GS Marketing Digital\">GS Marketing Digital<\/option><option value=\"GS Desarrollo de Aplicaciones Multiplataforma\">GS Desarrollo de Aplicaciones Multiplataforma<\/option><option value=\"GS Administraci\u00f3n de Sistemas Inform\u00e1ticos en Red\">GS Administraci\u00f3n de Sistemas Inform\u00e1ticos en Red<\/option><option value=\"PFI Auxiliar de Actividades de Oficina\">PFI Auxiliar de Actividades de Oficina<\/option><option value=\"PFI Auxiliar de Montaje i Mantenimento de Equipos Inform\u00e1ticos\">PFI Auxiliar de Montaje i Mantenimento de Equipos Inform\u00e1ticos<\/option><option value=\"PFI Auxiliar de Ventas, Oficina i Atenci\u00f3n al P\u00fablico\">PFI Auxiliar de Ventas, Oficina i Atenci\u00f3n al P\u00fablico<\/option><option value=\"PFI Auxiliar de Comercio i Atenci\u00f3n al P\u00fablico\">PFI Auxiliar de Comercio i Atenci\u00f3n al P\u00fablico<\/option><option value=\"IFE Auxiliar en Ventas i Atenci\u00f3n al P\u00fablico\">IFE Auxiliar en Ventas i Atenci\u00f3n al P\u00fablico<\/option><\/select><\/span>\n\t\t\t<\/p>\n\t\t<\/div>\n\t\t<div class=\"half\">\n\t\t\t<p><span class=\"wpcf7-form-control-wrap\" data-name=\"your-textarea\"><textarea cols=\"40\" rows=\"10\" maxlength=\"2000\" class=\"wpcf7-form-control wpcf7-textarea\" aria-invalid=\"false\" placeholder=\"\u00bfQuieres especificar tu consulta?\" name=\"your-textarea\"><\/textarea><\/span>\n\t\t\t<\/p>\n\t\t<\/div>\n\t<\/div>\n\t<div class=\"enviar\">\n\t\t<p><input class=\"wpcf7-form-control wpcf7-submit has-spinner\" type=\"submit\" value=\"Solicita informaci\u00f3n\" \/>\n\t\t<\/p>\n\t<\/div>\n<\/div>\n<div class=\"legal\">\n\t<p><span class=\"wpcf7-form-control-wrap\" data-name=\"acceptance-646\"><span class=\"wpcf7-form-control wpcf7-acceptance\"><span class=\"wpcf7-list-item\"><label><input type=\"checkbox\" name=\"acceptance-646\" value=\"1\" aria-invalid=\"false\" \/><span class=\"wpcf7-list-item-label\">*Acepto los <a href=\"\/politica-privacidad\/\" target=\"_blank\">t\u00e9rminos y condiciones<\/a><\/span><\/label><\/span><\/span><\/span><br \/>\n<span class=\"wpcf7-form-control-wrap\" data-name=\"acceptance-647\"><span class=\"wpcf7-form-control wpcf7-acceptance optional\"><span class=\"wpcf7-list-item\"><label><input type=\"checkbox\" name=\"acceptance-647\" value=\"1\" aria-invalid=\"false\" \/><span class=\"wpcf7-list-item-label\">*Quiero recibir respuesta del Institut Poblenou<\/span><\/label><\/span><\/span><\/span>\n\t<\/p>\n<\/div>\n<p style=\"margin:0; padding:0; line-height: 0; Height:0;\"><span id=\"wpcf7-69f23bda7904e-wrapper\" class=\"wpcf7-form-control-wrap honeypot-781-wrap\" style=\"display:none !important; visibility:hidden !important;\"><label for=\"hddn-form\" class=\"hp-message\">Please leave this field empty.<\/label><input id=\"hddn-form\"  class=\"wpcf7-form-control wpcf7-text\" type=\"text\" name=\"honeypot-781\" value=\"\" size=\"40\" tabindex=\"-1\" autocomplete=\"new-password\" \/><\/span>\n<\/p><div class=\"wpcf7-response-output\" aria-hidden=\"true\"><\/div>\n<\/form>\n<\/div>\n\n<\/div><\/div><\/div><\/div><\/div><\/div><\/div><\/div><\/div><\/div><\/div><\/section><section class=\"l-section wpb_row height_medium width_full\" id=\"icon-md\"><div class=\"l-section-h i-cf\"><div class=\"g-cols vc_row type_default valign_top\"><div class=\"vc_col-sm-4 wpb_column vc_column_container has-fill has-link\"><div class=\"vc_column-inner us_custom_348782fb \"><div class=\"wpb_wrapper\"><div class=\"w-iconbox iconpos_top style_default color_custom align_center no_text icontype_img\"><div class=\"w-iconbox-icon\"><img loading=\"lazy\" decoding=\"async\" width=\"63\" height=\"62\" src=\"https:\/\/institutpoblenou.cat\/wp-content\/uploads\/2020\/01\/formacion-dual.png\" class=\"attachment-full size-full\" alt=\"\" \/><\/div><div class=\"w-iconbox-meta\"><h4 class=\"w-iconbox-title\" style=\"font-size:26.5px;\">Formaci\u00f3n dual<\/h4><\/div><\/div><\/div><a class=\"vc_column-link smooth-scroll\" href=\"https:\/\/institutpoblenou.cat\/es\/formacion\/que-es-la-fp-dual\/\" title=\"FP Dual\"><\/a><\/div><\/div><div class=\"vc_col-sm-4 wpb_column vc_column_container has-fill has-link\"><div class=\"vc_column-inner us_custom_348782fb \"><div class=\"wpb_wrapper\"><div class=\"w-iconbox iconpos_top style_default color_custom align_center no_text icontype_img\"><div class=\"w-iconbox-icon\"><img loading=\"lazy\" decoding=\"async\" width=\"68\" height=\"64\" src=\"https:\/\/institutpoblenou.cat\/wp-content\/uploads\/2020\/01\/bolsa-de-trabajo.png\" class=\"attachment-full size-full\" alt=\"\" \/><\/div><div class=\"w-iconbox-meta\"><h4 class=\"w-iconbox-title\" style=\"font-size:26.5px;\">Bolsa de trabajo<\/h4><\/div><\/div><\/div><a class=\"vc_column-link smooth-scroll\" href=\"https:\/\/institutpoblenou.cat\/es\/servicios\/bolsa-de-trabajo\/\" title=\"Bolsa de trabajo\"><\/a><\/div><\/div><div class=\"vc_col-sm-4 wpb_column vc_column_container has-fill has-link\"><div class=\"vc_column-inner us_custom_348782fb \"><div class=\"wpb_wrapper\"><div class=\"w-iconbox iconpos_top style_default color_custom align_center no_text icontype_img\"><div class=\"w-iconbox-icon\"><img loading=\"lazy\" decoding=\"async\" width=\"63\" height=\"63\" src=\"https:\/\/institutpoblenou.cat\/wp-content\/uploads\/2020\/01\/erasmus.png\" class=\"attachment-full size-full\" alt=\"\" \/><\/div><div class=\"w-iconbox-meta\"><h4 class=\"w-iconbox-title\" style=\"font-size:26.5px;\">Erasmus+<\/h4><\/div><\/div><\/div><a class=\"vc_column-link smooth-scroll\" href=\"https:\/\/institutpoblenou.cat\/es\/erasmus\/\" title=\"ERASMUS+\"><\/a><\/div><\/div><\/div><\/div><\/section><section class=\"l-section wpb_row height_medium\" id=\"blog-md\"><div class=\"l-section-h i-cf\"><div class=\"g-cols vc_row type_default valign_top\"><div class=\"vc_col-sm-12 wpb_column vc_column_container\"><div class=\"vc_column-inner\"><div class=\"wpb_wrapper\"><div class=\"wpb_text_column sub-ttl\"><div class=\"wpb_wrapper\"><h3 style=\"text-align: center;\">El blog del Institut Poblenou<\/h3>\n<\/div><\/div><h4 class=\"w-grid-none\">No results found.<\/h4><\/div><\/div><\/div><\/div><\/div><\/section><section class=\"l-section wpb_row height_medium\"><div class=\"l-section-h i-cf\"><div class=\"g-cols vc_row type_default valign_top\"><div class=\"vc_col-sm-12 wpb_column vc_column_container\"><div class=\"vc_column-inner\"><div class=\"wpb_wrapper\"><\/div><\/div><\/div><\/div><\/div><\/section><section class=\"l-section wpb_row height_medium\"><div class=\"l-section-h i-cf\"><div class=\"g-cols vc_row type_default valign_top\"><div class=\"vc_col-sm-12 wpb_column vc_column_container\"><div class=\"vc_column-inner\"><div class=\"wpb_wrapper\"><div class=\"w-popup align_left\" ><span class=\"w-popup-trigger type_load\" data-delay=\"2\"><\/span><div class=\"w-popup-overlay\" style=\"background:rgba(0,0,0,0.85);\"><\/div><div class=\"w-popup-wrap\"><div class=\"w-popup-box animation_fadeIn without_title\" style=\"width:600px;\"><div class=\"w-popup-box-h\"><div class=\"w-popup-box-content\" style=\"padding:5%;background:#ffffff;color:#555555;\"><p><img loading=\"lazy\" decoding=\"async\" class=\"aligncenter wp-image-8151\" src=\"https:\/\/institutpoblenou.cat\/wp-content\/uploads\/2022\/07\/Impulso-de-las-lenguas-extranjeras-1.png\" alt=\"\" width=\"707\" height=\"500\" srcset=\"https:\/\/institutpoblenou.cat\/wp-content\/uploads\/2022\/07\/Impulso-de-las-lenguas-extranjeras-1.png 2000w, https:\/\/institutpoblenou.cat\/wp-content\/uploads\/2022\/07\/Impulso-de-las-lenguas-extranjeras-1-300x212.png 300w, https:\/\/institutpoblenou.cat\/wp-content\/uploads\/2022\/07\/Impulso-de-las-lenguas-extranjeras-1-1024x724.png 1024w, https:\/\/institutpoblenou.cat\/wp-content\/uploads\/2022\/07\/Impulso-de-las-lenguas-extranjeras-1-1536x1086.png 1536w\" sizes=\"auto, (max-width: 707px) 100vw, 707px\" \/><\/p>\n<\/div><\/div><\/div><div class=\"w-popup-closer\" style=\"background:#ffffff;color:#555555;\"><\/div><\/div><\/div><\/div><\/div><\/div><\/div><\/div><\/section>\n","protected":false},"excerpt":{"rendered":"\u00c1rea de estudio Comercio y Marketing Impulsa tu futuro en tan solo un clicAdministraci\u00f3n y Gesti\u00f3nComercio y MarketingInform\u00e1tica y ComunicacionesP. de Formaci\u00f3n e Inserci\u00f3n (PFI)\u00bfTienes alg\u00fan duda o quieres m\u00e1s informaci\u00f3n? Dejanos tus datos y te contactaremos en breve Ciclos de formaci\u00f3n profesional en Comercio y Marketing Los Ciclos Formativos de Grado Medio y Grado...","protected":false},"author":1,"featured_media":0,"parent":9859,"menu_order":0,"comment_status":"closed","ping_status":"closed","template":"","meta":{"_acf_changed":false,"footnotes":"","_links_to":"","_links_to_target":""},"class_list":["post-10983","page","type-page","status-publish","hentry"],"acf":[],"yoast_head":"<!-- This site is optimized with the Yoast SEO plugin v25.4 - https:\/\/yoast.com\/wordpress\/plugins\/seo\/ -->\n<title>Comercio y Marketing - Institut Poblenou<\/title>\n<meta name=\"robots\" content=\"index, follow, max-snippet:-1, max-image-preview:large, max-video-preview:-1\" \/>\n<link rel=\"canonical\" href=\"https:\/\/institutpoblenou.cat\/sp\/formacion\/comercio-y-marketing-3\/\" \/>\n<meta property=\"og:locale\" content=\"es_MX\" \/>\n<meta property=\"og:type\" content=\"article\" \/>\n<meta property=\"og:title\" content=\"Comercio y Marketing - Institut Poblenou\" \/>\n<meta property=\"og:url\" content=\"https:\/\/institutpoblenou.cat\/sp\/formacion\/comercio-y-marketing-3\/\" \/>\n<meta property=\"og:site_name\" content=\"Institut Poblenou\" \/>\n<meta property=\"article:modified_time\" content=\"2025-04-29T18:27:54+00:00\" \/>\n<meta property=\"og:image\" content=\"https:\/\/institutpoblenou.cat\/wp-content\/uploads\/2022\/07\/Impulso-de-las-lenguas-extranjeras-1.png\" \/>\n<meta name=\"twitter:card\" content=\"summary_large_image\" \/>\n<meta name=\"twitter:label1\" content=\"Est. reading time\" \/>\n\t<meta name=\"twitter:data1\" content=\"9 minutes\" \/>\n<script type=\"application\/ld+json\" class=\"yoast-schema-graph\">{\"@context\":\"https:\/\/schema.org\",\"@graph\":[{\"@type\":\"WebPage\",\"@id\":\"https:\/\/institutpoblenou.cat\/sp\/formacion\/comercio-y-marketing-3\/\",\"url\":\"https:\/\/institutpoblenou.cat\/sp\/formacion\/comercio-y-marketing-3\/\",\"name\":\"Comercio y Marketing - Institut Poblenou\",\"isPartOf\":{\"@id\":\"https:\/\/institutpoblenou.cat\/sp\/#website\"},\"primaryImageOfPage\":{\"@id\":\"https:\/\/institutpoblenou.cat\/sp\/formacion\/comercio-y-marketing-3\/#primaryimage\"},\"image\":{\"@id\":\"https:\/\/institutpoblenou.cat\/sp\/formacion\/comercio-y-marketing-3\/#primaryimage\"},\"thumbnailUrl\":\"https:\/\/institutpoblenou.cat\/wp-content\/uploads\/2022\/07\/Impulso-de-las-lenguas-extranjeras-1.png\",\"datePublished\":\"2025-04-29T18:24:42+00:00\",\"dateModified\":\"2025-04-29T18:27:54+00:00\",\"breadcrumb\":{\"@id\":\"https:\/\/institutpoblenou.cat\/sp\/formacion\/comercio-y-marketing-3\/#breadcrumb\"},\"inLanguage\":\"es-MX\",\"potentialAction\":[{\"@type\":\"ReadAction\",\"target\":[\"https:\/\/institutpoblenou.cat\/sp\/formacion\/comercio-y-marketing-3\/\"]}]},{\"@type\":\"ImageObject\",\"inLanguage\":\"es-MX\",\"@id\":\"https:\/\/institutpoblenou.cat\/sp\/formacion\/comercio-y-marketing-3\/#primaryimage\",\"url\":\"https:\/\/institutpoblenou.cat\/wp-content\/uploads\/2022\/07\/Impulso-de-las-lenguas-extranjeras-1.png\",\"contentUrl\":\"https:\/\/institutpoblenou.cat\/wp-content\/uploads\/2022\/07\/Impulso-de-las-lenguas-extranjeras-1.png\"},{\"@type\":\"BreadcrumbList\",\"@id\":\"https:\/\/institutpoblenou.cat\/sp\/formacion\/comercio-y-marketing-3\/#breadcrumb\",\"itemListElement\":[{\"@type\":\"ListItem\",\"position\":1,\"name\":\"Portada\",\"item\":\"https:\/\/institutpoblenou.cat\/sp\/\"},{\"@type\":\"ListItem\",\"position\":2,\"name\":\"Formaci\u00f3n\",\"item\":\"https:\/\/institutpoblenou.cat\/sp\/formacion\/\"},{\"@type\":\"ListItem\",\"position\":3,\"name\":\"Comercio y Marketing\"}]},{\"@type\":\"WebSite\",\"@id\":\"https:\/\/institutpoblenou.cat\/sp\/#website\",\"url\":\"https:\/\/institutpoblenou.cat\/sp\/\",\"name\":\"Institut Poblenou\",\"description\":\"Otro sitio realizado con WordPress\",\"potentialAction\":[{\"@type\":\"SearchAction\",\"target\":{\"@type\":\"EntryPoint\",\"urlTemplate\":\"https:\/\/institutpoblenou.cat\/sp\/?s={search_term_string}\"},\"query-input\":{\"@type\":\"PropertyValueSpecification\",\"valueRequired\":true,\"valueName\":\"search_term_string\"}}],\"inLanguage\":\"es-MX\"}]}<\/script>\n<!-- \/ Yoast SEO plugin. -->","yoast_head_json":{"title":"Comercio y Marketing - Institut Poblenou","robots":{"index":"index","follow":"follow","max-snippet":"max-snippet:-1","max-image-preview":"max-image-preview:large","max-video-preview":"max-video-preview:-1"},"canonical":"https:\/\/institutpoblenou.cat\/sp\/formacion\/comercio-y-marketing-3\/","og_locale":"es_MX","og_type":"article","og_title":"Comercio y Marketing - Institut Poblenou","og_url":"https:\/\/institutpoblenou.cat\/sp\/formacion\/comercio-y-marketing-3\/","og_site_name":"Institut Poblenou","article_modified_time":"2025-04-29T18:27:54+00:00","og_image":[{"url":"https:\/\/institutpoblenou.cat\/wp-content\/uploads\/2022\/07\/Impulso-de-las-lenguas-extranjeras-1.png","type":"","width":"","height":""}],"twitter_card":"summary_large_image","twitter_misc":{"Est. reading time":"9 minutes"},"schema":{"@context":"https:\/\/schema.org","@graph":[{"@type":"WebPage","@id":"https:\/\/institutpoblenou.cat\/sp\/formacion\/comercio-y-marketing-3\/","url":"https:\/\/institutpoblenou.cat\/sp\/formacion\/comercio-y-marketing-3\/","name":"Comercio y Marketing - Institut Poblenou","isPartOf":{"@id":"https:\/\/institutpoblenou.cat\/sp\/#website"},"primaryImageOfPage":{"@id":"https:\/\/institutpoblenou.cat\/sp\/formacion\/comercio-y-marketing-3\/#primaryimage"},"image":{"@id":"https:\/\/institutpoblenou.cat\/sp\/formacion\/comercio-y-marketing-3\/#primaryimage"},"thumbnailUrl":"https:\/\/institutpoblenou.cat\/wp-content\/uploads\/2022\/07\/Impulso-de-las-lenguas-extranjeras-1.png","datePublished":"2025-04-29T18:24:42+00:00","dateModified":"2025-04-29T18:27:54+00:00","breadcrumb":{"@id":"https:\/\/institutpoblenou.cat\/sp\/formacion\/comercio-y-marketing-3\/#breadcrumb"},"inLanguage":"es-MX","potentialAction":[{"@type":"ReadAction","target":["https:\/\/institutpoblenou.cat\/sp\/formacion\/comercio-y-marketing-3\/"]}]},{"@type":"ImageObject","inLanguage":"es-MX","@id":"https:\/\/institutpoblenou.cat\/sp\/formacion\/comercio-y-marketing-3\/#primaryimage","url":"https:\/\/institutpoblenou.cat\/wp-content\/uploads\/2022\/07\/Impulso-de-las-lenguas-extranjeras-1.png","contentUrl":"https:\/\/institutpoblenou.cat\/wp-content\/uploads\/2022\/07\/Impulso-de-las-lenguas-extranjeras-1.png"},{"@type":"BreadcrumbList","@id":"https:\/\/institutpoblenou.cat\/sp\/formacion\/comercio-y-marketing-3\/#breadcrumb","itemListElement":[{"@type":"ListItem","position":1,"name":"Portada","item":"https:\/\/institutpoblenou.cat\/sp\/"},{"@type":"ListItem","position":2,"name":"Formaci\u00f3n","item":"https:\/\/institutpoblenou.cat\/sp\/formacion\/"},{"@type":"ListItem","position":3,"name":"Comercio y Marketing"}]},{"@type":"WebSite","@id":"https:\/\/institutpoblenou.cat\/sp\/#website","url":"https:\/\/institutpoblenou.cat\/sp\/","name":"Institut Poblenou","description":"Otro sitio realizado con WordPress","potentialAction":[{"@type":"SearchAction","target":{"@type":"EntryPoint","urlTemplate":"https:\/\/institutpoblenou.cat\/sp\/?s={search_term_string}"},"query-input":{"@type":"PropertyValueSpecification","valueRequired":true,"valueName":"search_term_string"}}],"inLanguage":"es-MX"}]}},"_links":{"self":[{"href":"https:\/\/institutpoblenou.cat\/sp\/wp-json\/wp\/v2\/pages\/10983","targetHints":{"allow":["GET"]}}],"collection":[{"href":"https:\/\/institutpoblenou.cat\/sp\/wp-json\/wp\/v2\/pages"}],"about":[{"href":"https:\/\/institutpoblenou.cat\/sp\/wp-json\/wp\/v2\/types\/page"}],"author":[{"embeddable":true,"href":"https:\/\/institutpoblenou.cat\/sp\/wp-json\/wp\/v2\/users\/1"}],"replies":[{"embeddable":true,"href":"https:\/\/institutpoblenou.cat\/sp\/wp-json\/wp\/v2\/comments?post=10983"}],"version-history":[{"count":4,"href":"https:\/\/institutpoblenou.cat\/sp\/wp-json\/wp\/v2\/pages\/10983\/revisions"}],"predecessor-version":[{"id":11000,"href":"https:\/\/institutpoblenou.cat\/sp\/wp-json\/wp\/v2\/pages\/10983\/revisions\/11000"}],"up":[{"embeddable":true,"href":"https:\/\/institutpoblenou.cat\/sp\/wp-json\/wp\/v2\/pages\/9859"}],"wp:attachment":[{"href":"https:\/\/institutpoblenou.cat\/sp\/wp-json\/wp\/v2\/media?parent=10983"}],"curies":[{"name":"wp","href":"https:\/\/api.w.org\/{rel}","templated":true}]}}